{"id":485,"date":"2024-10-13T19:50:46","date_gmt":"2024-10-13T17:50:46","guid":{"rendered":"https:\/\/hcbg-handball.de\/?page_id=485"},"modified":"2026-04-13T18:30:31","modified_gmt":"2026-04-13T16:30:31","slug":"jugend","status":"publish","type":"page","link":"https:\/\/hcbg-handball.de\/?page_id=485","title":{"rendered":"Jugend"},"content":{"rendered":"\n<div class=\"wp-block-group alignfull\"><div class=\"wp-block-group__inner-container is-layout-constrained wp-block-group-is-layout-constrained\">\n<div style=\"height:60px\" aria-hidden=\"true\" class=\"wp-block-spacer\"><\/div>\n\n\n\n<h2 class=\"wp-block-heading has-text-align-center\">JSG Niefern-M\u00fchlacker<\/h2>\n\n\n\n<div style=\"height:40px\" aria-hidden=\"true\" class=\"wp-block-spacer\"><\/div>\n\n\n\n<p class=\"has-text-align-center has-medium-font-size\">Wir freuen uns immer \u00fcber neue Mitspielerinnen und Mitspieler, kommt gerne im Training vorbei<br>und schaut euch diesen tollen Sport an.<\/p>\n\n\n\n<div style=\"height:20px\" aria-hidden=\"true\" class=\"wp-block-spacer\"><\/div>\n\n\n\n<div style=\"height:40px\" aria-hidden=\"true\" class=\"wp-block-spacer\"><\/div>\n\n\n\n<div style=\"height:20px\" aria-hidden=\"true\" class=\"wp-block-spacer\"><\/div>\n<\/div><\/div>\n\n\n\n<div class=\"wp-block-group alignfull has-background\" style=\"background-color:#dcecfd30\"><div class=\"wp-block-group__inner-container is-layout-constrained wp-block-group-is-layout-constrained\">\n<div style=\"height:60px\" aria-hidden=\"true\" class=\"wp-block-spacer\"><\/div>\n\n\n\n<h2 class=\"wp-block-heading has-text-align-center\">Trainingszeiten<\/h2>\n\n\n\n<div style=\"height:40px\" aria-hidden=\"true\" class=\"wp-block-spacer\"><\/div>\n\n\n\n<p class=\"has-text-align-center\"><strong>A-Jugend m\u00e4nnlich (Jahrgang 2008\/2009)<\/strong><br>Mittwoch 18:00 &#8211; 19:45 Uhr M\u00fchlacker Lindachhalle &#8211; Trainer: Jan Elies, Lukas Delinasakis<br>Donnerstag 19:00 &#8211; 20:30 Uhr M\u00fchlacker Lindachhalle &#8211; Trainer: Christoph Lellwitz, Fabian Behre<\/p>\n\n\n\n<p class=\"has-text-align-center\"><strong>B- Jugend m\u00e4nnlich (Jahrgang 2010\/2011)<\/strong><br>Dienstag 18:15 &#8211; 19:45 Uhr M\u00fchlacker Lindachhalle &#8211; Trainer: Kevin H\u00e4der, Soma Czekus, Julian Wei\u00df<\/p>\n\n\n\n<p class=\"has-text-align-center\"><strong>D-Jugend gemischt (Jahrgang 2014\/2015)<\/strong><br>Mittwoch 17:00 &#8211; 18:30 Uhr M\u00fchlacker Lindachhalle &#8211; Trainer: Benno &amp; Paul Zimmermann<br>Donnerstag 17:30 &#8211; 19:00 Uhr M\u00fchlacker Lindachhalle &#8211; Trainer: Benno &amp; Paul Zimmermann<\/p>\n\n\n\n<p class=\"has-text-align-center\"><strong>E-Jugend gemischt + \u00e4ltester Mini-Jahrgang (Jahrgang 2016\/2017)<\/strong><br>Donnerstag 17:00 &#8211; 18:30 Uhr M\u00fchlacker Lindachhalle &#8211; Trainer: Lennart Kronberg, Norman Nosse<br><br><strong>Mini M\u00fchlacker gemischt (Jahrgang 2018\/2019)<\/strong><br>Freitag 17:00 &#8211; 18:00 Uhr M\u00fchlacker Georg-Kerschensteiner-Halle &#8211; Trainer: Carl Rei\u00df, Levin Peschl<br><br><strong>Mini-Minis M\u00fchlacker gemischt (ab 4 Jahren)<\/strong><br>Freitag 16:30 &#8211; 17:30 Uhr M\u00fchlacker Georg-Kerschensteiner-Halle &#8211; Trainer: Kim Kallfass, Karl Wallinger<\/p>\n\n\n\n<p class=\"has-text-align-center\"><\/p>\n\n\n\n<div style=\"height:40px\" aria-hidden=\"true\" class=\"wp-block-spacer\"><\/div>\n<\/div><\/div>\n\n\n\n<div style=\"height:60px\" aria-hidden=\"true\" class=\"wp-block-spacer\"><\/div>\n\n\n\n<div class=\"wp-block-group\"><div class=\"wp-block-group__inner-container is-layout-constrained wp-block-group-is-layout-constrained\">\n<h2 class=\"wp-block-heading has-text-align-center\">Hauptsponsoren<\/h2>\n\n\n\n\t\t<style>\n\t\t\t#wpls-logo-showcase-slider-1 .wpls-fix-box,\n\t\t\t#wpls-logo-showcase-slider-1 .wpls-fix-box img.wp-post-image{max-height:250px; }\n\t\t<\/style>\n\n\t\t<div class=\"wpls-wrap wpls-logo-showcase-slider-wrp wpls-logo-clearfix wpls-design-1 logo-slider\" data-conf=\"{&quot;slides_column&quot;:2,&quot;slides_scroll&quot;:1,&quot;dots&quot;:&quot;true&quot;,&quot;arrows&quot;:&quot;true&quot;,&quot;autoplay&quot;:&quot;true&quot;,&quot;autoplay_interval&quot;:3000,&quot;loop&quot;:&quot;true&quot;,&quot;rtl&quot;:&quot;false&quot;,&quot;speed&quot;:800,&quot;center_mode&quot;:&quot;false&quot;,&quot;lazyload&quot;:&quot;&quot;}\">\n\t\t\t<div class=\"wpls-logo-showcase logo_showcase wpls-logo-slider  sliderimage_hide_border \" id=\"wpls-logo-showcase-slider-1\" >\n\t\t\t\t<div class=\"wpls-logo-cnt\">\n\t<div class=\"wpls-fix-box\">\n\t\t\t\t<a href=\"https:\/\/www.edeka.de\/eh\/s%C3%BCdwest\/edeka-schelske-danziger-stra%C3%9Fe-2\/index.jsp\" target=\"_self\">\n\t\t\t<img decoding=\"async\" class=\"wp-post-image\"  src=\"https:\/\/hcbg-handball.de\/wp-content\/uploads\/2023\/08\/edeka.png\" alt=\"\" \/>\n\t\t<\/a>\n\t\t\t<\/div>\n\t<\/div><div class=\"wpls-logo-cnt\">\n\t<div class=\"wpls-fix-box\">\n\t\t\t\t<a href=\"https:\/\/www.wemaro.de\/\" target=\"_self\">\n\t\t\t<img decoding=\"async\" class=\"wp-post-image\"  src=\"https:\/\/hcbg-handball.de\/wp-content\/uploads\/2023\/08\/wemaro.png\" alt=\"\" \/>\n\t\t<\/a>\n\t\t\t<\/div>\n\t<\/div>\t\t\t<\/div>\n\t\t<\/div>\n\n\t\t\n\n\n\n<div style=\"height:40px\" aria-hidden=\"true\" class=\"wp-block-spacer\"><\/div>\n\n\n\n<h2 class=\"wp-block-heading has-text-align-center\">Weitere Sponsoren<\/h2>\n\n\n\n<div style=\"height:40px\" aria-hidden=\"true\" class=\"wp-block-spacer\"><\/div>\n\n\n\n\t\t<style>\n\t\t\t#wpls-logo-showcase-slider-2 .wpls-fix-box,\n\t\t\t#wpls-logo-showcase-slider-2 .wpls-fix-box img.wp-post-image{max-height:250px; }\n\t\t<\/style>\n\n\t\t<div class=\"wpls-wrap wpls-logo-showcase-slider-wrp wpls-logo-clearfix wpls-design-1 logo-slider\" data-conf=\"{&quot;slides_column&quot;:4,&quot;slides_scroll&quot;:1,&quot;dots&quot;:&quot;true&quot;,&quot;arrows&quot;:&quot;true&quot;,&quot;autoplay&quot;:&quot;true&quot;,&quot;autoplay_interval&quot;:3000,&quot;loop&quot;:&quot;true&quot;,&quot;rtl&quot;:&quot;false&quot;,&quot;speed&quot;:800,&quot;center_mode&quot;:&quot;false&quot;,&quot;lazyload&quot;:&quot;&quot;}\">\n\t\t\t<div class=\"wpls-logo-showcase logo_showcase wpls-logo-slider  sliderimage_hide_border \" id=\"wpls-logo-showcase-slider-2\" >\n\t\t\t\t<div class=\"wpls-logo-cnt\">\n\t<div class=\"wpls-fix-box\">\n\t\t\t\t<a href=\"https:\/\/www.galabau-ade.de\/\" target=\"_self\">\n\t\t\t<img decoding=\"async\" class=\"wp-post-image\"  src=\"https:\/\/hcbg-handball.de\/wp-content\/uploads\/2023\/08\/ade.png\" alt=\"\" \/>\n\t\t<\/a>\n\t\t\t<\/div>\n\t<\/div><div class=\"wpls-logo-cnt\">\n\t<div class=\"wpls-fix-box\">\n\t\t\t\t<a href=\"https:\/\/www.pizzaexpressdelizia.de\/\" target=\"_self\">\n\t\t\t<img decoding=\"async\" class=\"wp-post-image\"  src=\"https:\/\/hcbg-handball.de\/wp-content\/uploads\/2023\/08\/delizia.png\" alt=\"\" \/>\n\t\t<\/a>\n\t\t\t<\/div>\n\t<\/div><div class=\"wpls-logo-cnt\">\n\t<div class=\"wpls-fix-box\">\n\t\t\t\t<a href=\"https:\/\/hermle-reha.de\/\" target=\"_self\">\n\t\t\t<img decoding=\"async\" class=\"wp-post-image\"  src=\"https:\/\/hcbg-handball.de\/wp-content\/uploads\/2023\/08\/hermle.png\" alt=\"\" \/>\n\t\t<\/a>\n\t\t\t<\/div>\n\t<\/div><div class=\"wpls-logo-cnt\">\n\t<div class=\"wpls-fix-box\">\n\t\t\t\t<a href=\"https:\/\/www.rechtsanwalt-horn.com\/\" target=\"_self\">\n\t\t\t<img decoding=\"async\" class=\"wp-post-image\"  src=\"https:\/\/hcbg-handball.de\/wp-content\/uploads\/2023\/08\/horn.png\" alt=\"\" \/>\n\t\t<\/a>\n\t\t\t<\/div>\n\t<\/div><div class=\"wpls-logo-cnt\">\n\t<div class=\"wpls-fix-box\">\n\t\t\t\t<a href=\"https:\/\/xn--hsbau-mhlacker-msb.de\/\" target=\"_self\">\n\t\t\t<img decoding=\"async\" class=\"wp-post-image\"  src=\"https:\/\/hcbg-handball.de\/wp-content\/uploads\/2023\/08\/hs-bau.png\" alt=\"\" \/>\n\t\t<\/a>\n\t\t\t<\/div>\n\t<\/div><div class=\"wpls-logo-cnt\">\n\t<div class=\"wpls-fix-box\">\n\t\t\t\t<a href=\"https:\/\/www.intersport.de\/haendlersuche\/sportgeschaefte-baden-wuerttemberg\/75417-muehlacker-intersport-saemann\/\" target=\"_self\">\n\t\t\t<img decoding=\"async\" class=\"wp-post-image\"  src=\"https:\/\/hcbg-handball.de\/wp-content\/uploads\/2023\/08\/intersport.png\" alt=\"\" \/>\n\t\t<\/a>\n\t\t\t<\/div>\n\t<\/div><div class=\"wpls-logo-cnt\">\n\t<div class=\"wpls-fix-box\">\n\t\t\t\t<a href=\"https:\/\/www.fine-line-kueche.de\/\" target=\"_self\">\n\t\t\t<img decoding=\"async\" class=\"wp-post-image\"  src=\"https:\/\/hcbg-handball.de\/wp-content\/uploads\/2023\/08\/kitzberger.png\" alt=\"\" \/>\n\t\t<\/a>\n\t\t\t<\/div>\n\t<\/div><div class=\"wpls-logo-cnt\">\n\t<div class=\"wpls-fix-box\">\n\t\t\t\t<a href=\"https:\/\/www.stadtwerke-muehlacker.de\/sw\/\" target=\"_self\">\n\t\t\t<img decoding=\"async\" class=\"wp-post-image\"  src=\"https:\/\/hcbg-handball.de\/wp-content\/uploads\/2023\/08\/stadtwerke-muehlacker.png\" alt=\"\" \/>\n\t\t<\/a>\n\t\t\t<\/div>\n\t<\/div><div class=\"wpls-logo-cnt\">\n\t<div class=\"wpls-fix-box\">\n\t\t\t\t<a href=\"http:\/\/www.taxi2400.de\/index.php\/startseite.html\" target=\"_self\">\n\t\t\t<img decoding=\"async\" class=\"wp-post-image\"  src=\"https:\/\/hcbg-handball.de\/wp-content\/uploads\/2023\/08\/taxi.png\" alt=\"\" \/>\n\t\t<\/a>\n\t\t\t<\/div>\n\t<\/div><div class=\"wpls-logo-cnt\">\n\t<div class=\"wpls-fix-box\">\n\t\t\t\t<a href=\"https:\/\/www.tui-reisecenter.de\/muehlacker1\" target=\"_self\">\n\t\t\t<img decoding=\"async\" class=\"wp-post-image\"  src=\"https:\/\/hcbg-handball.de\/wp-content\/uploads\/2023\/08\/tui.png\" alt=\"\" \/>\n\t\t<\/a>\n\t\t\t<\/div>\n\t<\/div><div class=\"wpls-logo-cnt\">\n\t<div class=\"wpls-fix-box\">\n\t\t\t\t<a href=\"https:\/\/www.keim-kunststofftechnik.de\/\" target=\"_self\">\n\t\t\t<img decoding=\"async\" class=\"wp-post-image\"  src=\"https:\/\/hcbg-handball.de\/wp-content\/uploads\/2023\/08\/keim.png\" alt=\"\" \/>\n\t\t<\/a>\n\t\t\t<\/div>\n\t<\/div><div class=\"wpls-logo-cnt\">\n\t<div class=\"wpls-fix-box\">\n\t\t\t\t<a href=\"https:\/\/www.zischka-haustechnik.de\/#\" target=\"_self\">\n\t\t\t<img decoding=\"async\" class=\"wp-post-image\"  src=\"https:\/\/hcbg-handball.de\/wp-content\/uploads\/2023\/08\/zischka.png\" alt=\"\" \/>\n\t\t<\/a>\n\t\t\t<\/div>\n\t<\/div>\t\t\t<\/div>\n\t\t<\/div>\n\n\t\t\n\n\n\n<div style=\"height:60px\" aria-hidden=\"true\" class=\"wp-block-spacer\"><\/div>\n<\/div><\/div>\n\n\n\n<p><\/p>\n","protected":false},"excerpt":{"rendered":"<p>JSG Niefern-M\u00fchlacker Wir freuen uns immer \u00fcber neue Mitspielerinnen und Mitspieler, kommt gerne im Training vorbeiund schaut euch diesen tollen Sport an. Trainingszeiten A-Jugend m\u00e4nnlich (Jahrgang 2008\/2009)Mittwoch 18:00 &#8211; 19:45 Uhr M\u00fchlacker Lindachhalle &#8211; Trainer: Jan Elies, Lukas DelinasakisDonnerstag 19:00 &#8211; 20:30 Uhr M\u00fchlacker Lindachhalle &#8211; Trainer: Christoph Lellwitz, Fabian Behre B- Jugend m\u00e4nnlich (Jahrgang&hellip;&nbsp;<a href=\"https:\/\/hcbg-handball.de\/?post_type=logoshowcase&#038;p=372\" rel=\"bookmark\">Weiterlesen &raquo;<span class=\"screen-reader-text\">zischka<\/span><\/a><\/p>\n","protected":false},"author":1,"featured_media":0,"parent":0,"menu_order":0,"comment_status":"closed","ping_status":"closed","template":"","meta":{"neve_meta_sidebar":"","neve_meta_container":"","neve_meta_enable_content_width":"","neve_meta_content_width":0,"neve_meta_title_alignment":"","neve_meta_author_avatar":"","neve_post_elements_order":"","neve_meta_disable_header":"","neve_meta_disable_footer":"","neve_meta_disable_title":"","footnotes":""},"class_list":["post-485","page","type-page","status-publish","hentry"],"yoast_head":"<!-- This site is optimized with the Yoast SEO plugin v20.1 - https:\/\/yoast.com\/wordpress\/plugins\/seo\/ -->\n<title>Jugend - HCBG Handball<\/title>\n<meta name=\"robots\" content=\"index, follow, max-snippet:-1, max-image-preview:large, max-video-preview:-1\" \/>\n<link rel=\"canonical\" href=\"https:\/\/hcbg-handball.de\/?page_id=485\" \/>\n<meta property=\"og:locale\" content=\"de_DE\" \/>\n<meta property=\"og:type\" content=\"article\" \/>\n<meta property=\"og:title\" content=\"Jugend - HCBG Handball\" \/>\n<meta property=\"og:description\" content=\"JSG Niefern-M\u00fchlacker Wir freuen uns immer \u00fcber neue Mitspielerinnen und Mitspieler, kommt gerne im Training vorbeiund schaut euch diesen tollen Sport an. Trainingszeiten A-Jugend m\u00e4nnlich (Jahrgang 2008\/2009)Mittwoch 18:00 &#8211; 19:45 Uhr M\u00fchlacker Lindachhalle &#8211; Trainer: Jan Elies, Lukas DelinasakisDonnerstag 19:00 &#8211; 20:30 Uhr M\u00fchlacker Lindachhalle &#8211; Trainer: Christoph Lellwitz, Fabian Behre B- Jugend m\u00e4nnlich (Jahrgang&hellip;&nbsp;Weiterlesen &raquo;zischka\" \/>\n<meta property=\"og:url\" content=\"https:\/\/hcbg-handball.de\/?page_id=485\" \/>\n<meta property=\"og:site_name\" content=\"HCBG Handball\" \/>\n<meta property=\"article:modified_time\" content=\"2026-04-13T16:30:31+00:00\" \/>\n<meta name=\"twitter:card\" content=\"summary_large_image\" \/>\n<meta name=\"twitter:label1\" content=\"Gesch\u00e4tzte Lesezeit\" \/>\n\t<meta name=\"twitter:data1\" content=\"1\u00a0Minute\" \/>\n<script type=\"application\/ld+json\" class=\"yoast-schema-graph\">{\"@context\":\"https:\/\/schema.org\",\"@graph\":[{\"@type\":\"WebPage\",\"@id\":\"https:\/\/hcbg-handball.de\/?page_id=485\",\"url\":\"https:\/\/hcbg-handball.de\/?page_id=485\",\"name\":\"Jugend - HCBG Handball\",\"isPartOf\":{\"@id\":\"https:\/\/hcbg-handball.de\/#website\"},\"datePublished\":\"2024-10-13T17:50:46+00:00\",\"dateModified\":\"2026-04-13T16:30:31+00:00\",\"breadcrumb\":{\"@id\":\"https:\/\/hcbg-handball.de\/?page_id=485#breadcrumb\"},\"inLanguage\":\"de\",\"potentialAction\":[{\"@type\":\"ReadAction\",\"target\":[\"https:\/\/hcbg-handball.de\/?page_id=485\"]}]},{\"@type\":\"BreadcrumbList\",\"@id\":\"https:\/\/hcbg-handball.de\/?page_id=485#breadcrumb\",\"itemListElement\":[{\"@type\":\"ListItem\",\"position\":1,\"name\":\"Startseite\",\"item\":\"https:\/\/hcbg-handball.de\/\"},{\"@type\":\"ListItem\",\"position\":2,\"name\":\"Jugend\"}]},{\"@type\":\"WebSite\",\"@id\":\"https:\/\/hcbg-handball.de\/#website\",\"url\":\"https:\/\/hcbg-handball.de\/\",\"name\":\"HCBG Handball\",\"description\":\"\",\"publisher\":{\"@id\":\"https:\/\/hcbg-handball.de\/#organization\"},\"potentialAction\":[{\"@type\":\"SearchAction\",\"target\":{\"@type\":\"EntryPoint\",\"urlTemplate\":\"https:\/\/hcbg-handball.de\/?s={search_term_string}\"},\"query-input\":\"required name=search_term_string\"}],\"inLanguage\":\"de\"},{\"@type\":\"Organization\",\"@id\":\"https:\/\/hcbg-handball.de\/#organization\",\"name\":\"HC Blau-Gelb M\u00fchlacker\",\"url\":\"https:\/\/hcbg-handball.de\/\",\"logo\":{\"@type\":\"ImageObject\",\"inLanguage\":\"de\",\"@id\":\"https:\/\/hcbg-handball.de\/#\/schema\/logo\/image\/\",\"url\":\"https:\/\/hcbg-handball.de\/wp-content\/uploads\/2022\/11\/cropped-hc-logo-freigestellt.png\",\"contentUrl\":\"https:\/\/hcbg-handball.de\/wp-content\/uploads\/2022\/11\/cropped-hc-logo-freigestellt.png\",\"width\":1196,\"height\":1192,\"caption\":\"HC Blau-Gelb M\u00fchlacker\"},\"image\":{\"@id\":\"https:\/\/hcbg-handball.de\/#\/schema\/logo\/image\/\"}}]}<\/script>\n<!-- \/ Yoast SEO plugin. -->","yoast_head_json":{"title":"Jugend - HCBG Handball","robots":{"index":"index","follow":"follow","max-snippet":"max-snippet:-1","max-image-preview":"max-image-preview:large","max-video-preview":"max-video-preview:-1"},"canonical":"https:\/\/hcbg-handball.de\/?page_id=485","og_locale":"de_DE","og_type":"article","og_title":"Jugend - HCBG Handball","og_description":"JSG Niefern-M\u00fchlacker Wir freuen uns immer \u00fcber neue Mitspielerinnen und Mitspieler, kommt gerne im Training vorbeiund schaut euch diesen tollen Sport an. Trainingszeiten A-Jugend m\u00e4nnlich (Jahrgang 2008\/2009)Mittwoch 18:00 &#8211; 19:45 Uhr M\u00fchlacker Lindachhalle &#8211; Trainer: Jan Elies, Lukas DelinasakisDonnerstag 19:00 &#8211; 20:30 Uhr M\u00fchlacker Lindachhalle &#8211; Trainer: Christoph Lellwitz, Fabian Behre B- Jugend m\u00e4nnlich (Jahrgang&hellip;&nbsp;Weiterlesen &raquo;zischka","og_url":"https:\/\/hcbg-handball.de\/?page_id=485","og_site_name":"HCBG Handball","article_modified_time":"2026-04-13T16:30:31+00:00","twitter_card":"summary_large_image","twitter_misc":{"Gesch\u00e4tzte Lesezeit":"1\u00a0Minute"},"schema":{"@context":"https:\/\/schema.org","@graph":[{"@type":"WebPage","@id":"https:\/\/hcbg-handball.de\/?page_id=485","url":"https:\/\/hcbg-handball.de\/?page_id=485","name":"Jugend - HCBG Handball","isPartOf":{"@id":"https:\/\/hcbg-handball.de\/#website"},"datePublished":"2024-10-13T17:50:46+00:00","dateModified":"2026-04-13T16:30:31+00:00","breadcrumb":{"@id":"https:\/\/hcbg-handball.de\/?page_id=485#breadcrumb"},"inLanguage":"de","potentialAction":[{"@type":"ReadAction","target":["https:\/\/hcbg-handball.de\/?page_id=485"]}]},{"@type":"BreadcrumbList","@id":"https:\/\/hcbg-handball.de\/?page_id=485#breadcrumb","itemListElement":[{"@type":"ListItem","position":1,"name":"Startseite","item":"https:\/\/hcbg-handball.de\/"},{"@type":"ListItem","position":2,"name":"Jugend"}]},{"@type":"WebSite","@id":"https:\/\/hcbg-handball.de\/#website","url":"https:\/\/hcbg-handball.de\/","name":"HCBG Handball","description":"","publisher":{"@id":"https:\/\/hcbg-handball.de\/#organization"},"potentialAction":[{"@type":"SearchAction","target":{"@type":"EntryPoint","urlTemplate":"https:\/\/hcbg-handball.de\/?s={search_term_string}"},"query-input":"required name=search_term_string"}],"inLanguage":"de"},{"@type":"Organization","@id":"https:\/\/hcbg-handball.de\/#organization","name":"HC Blau-Gelb M\u00fchlacker","url":"https:\/\/hcbg-handball.de\/","logo":{"@type":"ImageObject","inLanguage":"de","@id":"https:\/\/hcbg-handball.de\/#\/schema\/logo\/image\/","url":"https:\/\/hcbg-handball.de\/wp-content\/uploads\/2022\/11\/cropped-hc-logo-freigestellt.png","contentUrl":"https:\/\/hcbg-handball.de\/wp-content\/uploads\/2022\/11\/cropped-hc-logo-freigestellt.png","width":1196,"height":1192,"caption":"HC Blau-Gelb M\u00fchlacker"},"image":{"@id":"https:\/\/hcbg-handball.de\/#\/schema\/logo\/image\/"}}]}},"_links":{"self":[{"href":"https:\/\/hcbg-handball.de\/index.php?rest_route=\/wp\/v2\/pages\/485","targetHints":{"allow":["GET"]}}],"collection":[{"href":"https:\/\/hcbg-handball.de\/index.php?rest_route=\/wp\/v2\/pages"}],"about":[{"href":"https:\/\/hcbg-handball.de\/index.php?rest_route=\/wp\/v2\/types\/page"}],"author":[{"embeddable":true,"href":"https:\/\/hcbg-handball.de\/index.php?rest_route=\/wp\/v2\/users\/1"}],"replies":[{"embeddable":true,"href":"https:\/\/hcbg-handball.de\/index.php?rest_route=%2Fwp%2Fv2%2Fcomments&post=485"}],"version-history":[{"count":5,"href":"https:\/\/hcbg-handball.de\/index.php?rest_route=\/wp\/v2\/pages\/485\/revisions"}],"predecessor-version":[{"id":609,"href":"https:\/\/hcbg-handball.de\/index.php?rest_route=\/wp\/v2\/pages\/485\/revisions\/609"}],"wp:attachment":[{"href":"https:\/\/hcbg-handball.de\/index.php?rest_route=%2Fwp%2Fv2%2Fmedia&parent=485"}],"curies":[{"name":"wp","href":"https:\/\/api.w.org\/{rel}","templated":true}]}}